{"id":38127,"date":"2022-11-16T09:52:41","date_gmt":"2022-11-16T08:52:41","guid":{"rendered":"https:\/\/wildsuits.eu\/?page_id=38127"},"modified":"2022-11-16T09:52:50","modified_gmt":"2022-11-16T08:52:50","slug":"politique-de-confidentialite","status":"publish","type":"page","link":"https:\/\/wildsuits.eu\/pt\/politique-de-confidentialite\/","title":{"rendered":"Privacy policy"},"content":{"rendered":"<p>Cette politique s\u2019applique au site&nbsp;: www.wildsuits.eu<\/p>\n\n\n\n<p>Date de derni\u00e8re mise \u00e0 jour&nbsp;: 30 octobre 2020<\/p>\n\n\n\n<p>Le respect de votre vie priv\u00e9e est de la plus haute importance pour WILDSUITS SAS, qui est responsable de ce site.<\/p>\n\n\n\n<p>La pr\u00e9sente politique de confidentialit\u00e9 a pour but de vous exposer:<\/p>\n\n\n\n<ul>\n<li>La mani\u00e8re dont sont collect\u00e9s et trait\u00e9s vos renseignements personnels. Doivent \u00eatre consid\u00e9r\u00e9s comme renseignements personnels tous les renseignements susceptibles de vous identifier. Il s\u2019agit notamment de votre pr\u00e9nom et nom, de votre \u00e2ge, de votre adresse postale, de votre adresse courriel de votre localisation ou encore de votre adresse IP. \u201cRenseignements personnels\u201d est \u00e9galement utilis\u00e9 comme synonyme de \u201cdonn\u00e9es personnelles\u201d au sens du R\u00e8glement europ\u00e9en 2016\/679&nbsp;;<\/li>\n\n\n\n<li>Quels sont vos droits concernant ces renseignements;<\/li>\n\n\n\n<li>Qui est responsable du traitement des renseignements personnels collect\u00e9s et trait\u00e9s&nbsp;;<\/li>\n\n\n\n<li>\u00c0 qui ces renseignements sont transmis&nbsp;;<\/li>\n\n\n\n<li>\u00c9ventuellement, la politique du site en mati\u00e8re de fichiers t\u00e9moins (\u201ccookies\u201d).<\/li>\n<\/ul>\n\n\n\n<p>Cette politique de confidentialit\u00e9 compl\u00e8te les Conditions g\u00e9n\u00e9rales d\u2019utilisation que vous pouvez consulter \u00e0 l\u2019adresse ci-apr\u00e8s\u00a0:\u00a0<a href=\"https:\/\/wildsuits.eu\/pt\/conditions-generales-utilisation-vente\/\">https:\/\/www.wildsuits.eu\/conditions-generales-utilisation-vente<\/a><\/p>\n\n\n\n<h4 class=\"wp-block-heading\"><strong>1. COLLECTE DE RENSEIGNEMENTS PERSONNELS<\/strong><\/h4>\n\n\n\n<p>Nous collectons les renseignements personnels suivants&nbsp;:<\/p>\n\n\n\n<ul>\n<li>Apelido<\/li>\n\n\n\n<li>Nome<\/li>\n\n\n\n<li>Adresse \u00e9lectronique<\/li>\n\n\n\n<li>Genre ou sexe<\/li>\n\n\n\n<li>Num\u00e9ro de t\u00e9l\u00e9phone<\/li>\n<\/ul>\n\n\n\n<p>Les renseignements personnels que nous collectons sont recueillis par l\u2019entremise des modes de collecte d\u00e9crits ci-bas, dans les sections \u201cFormulaires et modes de collecte\u201d et suivantes.<\/p>\n\n\n\n<h4 class=\"wp-block-heading\"><strong>2. FORMULAIRES ET MODES DE COLLECTE<\/strong><\/h4>\n\n\n\n<p>Vos renseignements personnels sont collect\u00e9s par l\u2019entremise des m\u00e9thodes suivantes&nbsp;:<\/p>\n\n\n\n<ul>\n<li>Formulaire d\u2019inscription au site Web<\/li>\n\n\n\n<li>Formulaire de commande<\/li>\n\n\n\n<li>Sondage d\u2019opinion<\/li>\n\n\n\n<li>Autre(s)&nbsp;:<br>Newsletters<\/li>\n<\/ul>\n\n\n\n<p>Nous utilisons les renseignements ainsi collect\u00e9s pour les finalit\u00e9s suivantes&nbsp;:<\/p>\n\n\n\n<ul>\n<li>Suivis de commande<\/li>\n\n\n\n<li>Informations\/Offres promotionnelles<\/li>\n\n\n\n<li>Statistiques<\/li>\n\n\n\n<li>Fala connosco<\/li>\n\n\n\n<li>Gestion du site Web<\/li>\n<\/ul>\n\n\n\n<h4 class=\"wp-block-heading\"><strong>3. INTERACTIVIT\u00c9<\/strong><\/h4>\n\n\n\n<p>Vos renseignements personnels sont \u00e9galement collect\u00e9s par le biais de l\u2019interactivit\u00e9 pouvant s\u2019\u00e9tablir&nbsp;entre vous et notre site Web. Ces renseignements sont collect\u00e9s par les moyens suivants&nbsp;:<\/p>\n\n\n\n<ul>\n<li>Commentaires<\/li>\n\n\n\n<li>Correspondance<\/li>\n\n\n\n<li>Information pour des offres promotionnelles<\/li>\n\n\n\n<li>Autre(s)&nbsp;:<br>Correspondance avec les gestionnaires du site<\/li>\n<\/ul>\n\n\n\n<p>Nous utilisons les renseignements ainsi collect\u00e9s pour les finalit\u00e9s suivantes&nbsp;:<\/p>\n\n\n\n<ul>\n<li>Statistiques<\/li>\n\n\n\n<li>Fala connosco<\/li>\n\n\n\n<li>Gestion du site web<\/li>\n<\/ul>\n\n\n\n<h4 class=\"wp-block-heading\"><strong>4. FICHIERS JOURNAUX ET T\u00c9MOINS<\/strong><\/h4>\n\n\n\n<p>Nous recueillons certaines informations par le biais de fichiers journaux (\u201clog files\u201d) et de fichiers t\u00e9moins (\u201ccookies\u201d). Ces fichiers nous permettent de traites des statistiques et des informations sur le trafic, de faciliter la navigation et d\u2019am\u00e9liorer le service pour votre confort.<\/p>\n\n\n\n<p>En vertu du R\u00e8glement g\u00e9n\u00e9ral sur la protection des donn\u00e9es (R\u00e8glement europ\u00e9en 2016\/679), pour l\u2019utilisation des fichiers t\u00e9moins impliquant la sauvegarde et l\u2019analyse de renseignements personnels, votre consentement est n\u00e9cessairement demand\u00e9.<\/p>\n\n\n\n<p>De plus, ce consentement est consid\u00e9r\u00e9 comme valise pour une dur\u00e9e de treize (13) mois maximum. \u00c0 l\u2019issue de cette p\u00e9riode, nous demanderons \u00e0 nouveau votre autorisation pour enregistrer des fichiers t\u00e9moins sur votre disque dur.<\/p>\n\n\n\n<p><strong>a) Description des fichiers t\u00e9moins utilis\u00e9s par le site<\/strong><\/p>\n\n\n\n<p>Il s\u2019agit principalement des informations suivantes&nbsp;:<\/p>\n\n\n\n<ul>\n<li>Adresse IP<\/li>\n\n\n\n<li>Syst\u00e8me d\u2019exploitation<\/li>\n\n\n\n<li>Pages visit\u00e9es et requ\u00eates<\/li>\n\n\n\n<li>Heure et jour de connexion<\/li>\n\n\n\n<li>Autres(s)&nbsp;:<br>Provenance des utilisateurs ou visiteurs du site<\/li>\n<\/ul>\n\n\n\n<p>Le recours \u00e0 de tels fichiers nous permet d\u2019atteindre les objectifs suivants&nbsp;:<\/p>\n\n\n\n<ul>\n<li>Am\u00e9lioration du service et accueil personnalis\u00e9<\/li>\n\n\n\n<li>Cr\u00e9ation de profils personnalis\u00e9s de consommation<\/li>\n\n\n\n<li>Suivis de commande<\/li>\n\n\n\n<li>\u00c9tudes statistiques<\/li>\n\n\n\n<li>Autre(s)&nbsp;:<br>\u2013 Fins promotionnelles<br>\u2013 Fins de strat\u00e9gie de marketing et communication<\/li>\n<\/ul>\n\n\n\n<p>En navigant sur le site, des fichiers t\u00e9moins de tiers peuvent \u00eatre enregistr\u00e9s. Il s\u2019agit particuli\u00e8rement des tiers suivants&nbsp;:<\/p>\n\n\n\n<p>\u2013 Mailchimp<br>\u2013 Facebook<br>\u2013 Instagram<br>\u2013 Linkedin<\/p>\n\n\n\n<p>De plus, le site int\u00e8gre des boutons de r\u00e9seaux sociaux vous permettant de partager votre activit\u00e9 sur le site. Des fichiers t\u00e9moins de ces r\u00e9seaux sociaux sont par cons\u00e9quent susceptibles d\u2019\u00eatre stock\u00e9s sur votre ordinateur lorsque vous utilisez ces fonctionnalit\u00e9s.<\/p>\n\n\n\n<p>Ces sites disposent de politiques de confidentialit\u00e9 propres et de conditions g\u00e9n\u00e9rales d\u2019utilisation possiblement diff\u00e9rentes de notre site. Nous vous invitons \u00e0 consulter les politiques de confidentialit\u00e9 et les conditions g\u00e9n\u00e9rales d\u2019utilisation de ces sites.<\/p>\n\n\n\n<p><strong>b) Opposition \u00e0 l\u2019utilisation de fichiers t\u00e9moins par le site<\/strong><\/p>\n\n\n\n<p>Vous pouvez vous opposer \u00e0 l\u2019enregistrement de ces fichiers t\u00e9moins en configurant votre logiciel de navigation.<\/p>\n\n\n\n<p>Dans le cas o\u00f9 vous d\u00e9cidez de d\u00e9sactiver les fichiers t\u00e9moins, vous pourrez ensuite poursuivre votre navigation sur le site. Toutefois, tout dysfonctionnement du site provoqu\u00e9 par cette manipulation ne peut \u00eatre consid\u00e9r\u00e9 comme \u00e9tant de notre fait.<\/p>\n\n\n\n<h4 class=\"wp-block-heading\"><strong>5. PARTAGE DES RENSEIGNEMENTS PERSONNELS<\/strong><\/h4>\n\n\n\n<p>Nous nous engageons \u00e0 ne pas vendre \u00e0 des tiers ou g\u00e9n\u00e9ralement commercialiser les renseignements personnels collect\u00e9s. Cependant, il est possible que nous partagions ces informations avec des tiers pour les raisons suivantes&nbsp;:<\/p>\n\n\n\n<ul>\n<li>Cr\u00e9ation de profils de consommation<\/li>\n\n\n\n<li>Ex\u00e9cution des commandes<\/li>\n\n\n\n<li>Partenariat<\/li>\n\n\n\n<li>Publicit\u00e9<\/li>\n<\/ul>\n\n\n\n<h4 class=\"wp-block-heading\"><strong>6. DUR\u00c9E DE CONSERVATION DES RENSEIGNEMENTS PERSONNELS<\/strong><\/h4>\n\n\n\n<p>Le responsable du traitement des renseignements personnels conservera dans ses syst\u00e8mes informatiques du site et dans des conditions raisonnables de s\u00e9curit\u00e9 l\u2019ensemble des renseignements personnels collect\u00e9s pour une dur\u00e9e de&nbsp;: 10 ans.<\/p>\n\n\n\n<h4 class=\"wp-block-heading\"><strong>7. H\u00c9BERGEMENT DES RENSEIGNEMENTS PERSONNELS<\/strong><\/h4>\n\n\n\n<p>Notre site est h\u00e9berg\u00e9 par&nbsp;: O2switch, dont le si\u00e8ge est situ\u00e9 \u00e0 l\u2019adresse ci-apr\u00e8s&nbsp;:<\/p>\n\n\n\n<p>222 Boulevard Gustave Flaubert, 63000 Clermont-Ferrand<\/p>\n\n\n\n<p>L\u2019h\u00e9bergeur peut \u00eatre contact\u00e9 au num\u00e9ro de t\u00e9l\u00e9phone suivant&nbsp;: <a href=\"https:\/\/www.google.com\/search?ei=8p6cX5q2J8nhgweNxIPYDg&amp;q=adresseo2swith&amp;oq=adresseo2swith&amp;gs_lcp=CgZwc3ktYWIQAzIECAAQDTIICAAQCBANEB4yCAgAEAgQDRAeMggIABAIEA0QHjoECAAQRzoMCAAQsQMQQxBGEPkBOgQIABBDOgIIADoFCAAQsQM6BAgAEAo6BggAEA0QHkoFCAQSATFKBQgIEgExSgUICRIBMVDhB1jrFGC1FmgAcAN4AIABQogB2gOSAQE4mAEAoAEBqgEHZ3dzLXdpesgBCMABAQ&amp;sclient=psy-ab&amp;ved=0ahUKEwia9-fCud3sAhXJ8OAKHQ3iAOsQ4dUDCA0&amp;uact=5#\" target=\"_blank\" rel=\"noopener\">04 44 44 60 40<\/a><\/p>\n\n\n\n<p>Les renseignements personnels que nous collectons et traitons sont \u00e9galement transf\u00e9r\u00e9s et stock\u00e9s vers l\u2019entreprise MailChimp. Retrouver les politiques de stockage des informations personnels de MailChimp sur leur site internet&nbsp;<a href=\"https:\/\/mailchimp.com\/\" target=\"_blank\" rel=\"noopener\">https:\/\/mailchimp.com<\/a><\/p>\n\n\n\n<p>A notre connaissance, Les renseignements personnels que nous collectons et traitons&nbsp;sont&nbsp;transf\u00e9r\u00e9s dans les pays suivants : France et USA.<\/p>\n\n\n\n<h4 class=\"wp-block-heading\"><strong>8. RESPONSABLE DU TRAITEMENT DES RENSEIGNEMENTS PERSONNEL<\/strong><\/h4>\n\n\n\n<p><strong>a) Le responsable du traitement des renseignements personnels<\/strong><\/p>\n\n\n\n<p>Le responsable du traitement des renseignements personnels est&nbsp;: Olivier Boileau. Il peut \u00eatre contact\u00e9 de la mani\u00e8re suivante&nbsp;:<\/p>\n\n\n\n<p>\u2013 Par t\u00e9l\u00e9phone au +351 913 13 20 80<br>\u2013 Par Email: olivier@wildsuits.fr<\/p>\n\n\n\n<p>Le responsable du traitement des renseignements personnels est charg\u00e9 de d\u00e9terminer les finalit\u00e9s et les moyens mis au service du traitement des renseignements personnels<\/p>\n\n\n\n<p><strong>b) Obligations du responsable du traitement des renseignements personnels<\/strong><\/p>\n\n\n\n<p>Le responsable du traitement des renseignements personnels s\u2019engage \u00e0 prot\u00e9ger les renseignements personnels collect\u00e9s, \u00e0 ne pas les transmettre \u00e0 des tiers sans que vous n\u2019en ayez \u00e9t\u00e9 inform\u00e9(e) et \u00e0 respecter les finalit\u00e9s pour lesquelles ces renseignements ont \u00e9t\u00e9 collect\u00e9s.<\/p>\n\n\n\n<p>De plus, le responsable du traitement des renseignements personnels s\u2019engage \u00e0 vous aviser en cas de rectification ou de suppression des renseignements personnels, \u00e0 moins que cela n\u2019entra\u00eene pour lui des formalit\u00e9s, co\u00fbts ou d\u00e9marches disproportionn\u00e9s.<\/p>\n\n\n\n<p>Dans le cas o\u00f9 l\u2019int\u00e9grit\u00e9, la confidentialit\u00e9 ou la s\u00e9curit\u00e9 de vos renseignements personnels est compromise, le responsable du traitement s\u2019engage \u00e0 vous en informer par tout moyen.<\/p>\n\n\n\n<h4 class=\"wp-block-heading\"><strong>9. DROIT D\u2019OPPOSITION ET DE RETRAIT<\/strong><\/h4>\n\n\n\n<p>Vous avez le droit de vous opposer au traitement de vos renseignements personnels par le site (\u201cdroit d\u2019opposition\u201d). Vous avez \u00e9galement le droit de demander \u00e0 ce que vos renseignements personnels ne figurent plus, par exemple, dans une liste de diffusion (\u201cdroit de retrait\u201d).<\/p>\n\n\n\n<p>Afin de formuler une opposition au traitement de vos renseignements personnels ou demander le retrait de vos renseignements personnels, vous devez suivre la proc\u00e9dure suivante&nbsp;:<\/p>\n\n\n\n<p>L\u2019utilisateur doit faire une demande de limitation au traitement de ses renseignements personnels aupr\u00e8s du responsable du traitement des renseignements, en envoyant un courriel \u00e0 l\u2019adresse fournie sur cette page.<\/p>\n\n\n\n<h4 class=\"wp-block-heading\"><strong>10. DROIT D\u2019ACC\u00c8S, DE RECTIFICATION ET DE SUPPRESSION<\/strong><\/h4>\n\n\n\n<p>Vous pouvez prendre connaissance, mettre \u00e0 jour, modifier ou demander la suppression des renseignements vous concernant, en respectant la proc\u00e9dure ci-apr\u00e8s \u00e9nonc\u00e9e&nbsp;:<\/p>\n\n\n\n<p>L\u2019utilisateur doit envoyer un courriel au responsable du traitement des renseignements personnels, en pr\u00e9cisant l\u2019objet de sa demande et en utilisant l\u2019adresse courriel de contact du responsable des renseignements personnels fournie sur cette page.<\/p>\n\n\n\n<p>Si vous en poss\u00e9dez, vous avez le droit de demander la suppression de votre espace personnel en suivant la proc\u00e9dure suivante&nbsp;:<\/p>\n\n\n\n<p>L\u2019utilisateur doit envoyer un courriel au responsable du traitement des renseignements personnels, en pr\u00e9cisant son num\u00e9ro d\u2019espace personnel. La demande de suppression des donn\u00e9es sera trait\u00e9e dans un d\u00e9lai de 30 jours ouvr\u00e9s.<\/p>\n\n\n\n<h4 class=\"wp-block-heading\"><strong>11. PRINCIPES G\u00c9N\u00c9RAUX EN MATI\u00c8RE DE COLLECTE ET DE TRAITEMENT DES RENSEIGNEMENTS PERSONNELS EN VERTU DU R\u00c8GLEMENT EUROP\u00c9EN 2016\/679<\/strong><\/h4>\n\n\n\n<p>Conform\u00e9ment aux dispositions de l\u2019article 5 du R\u00e8glement europ\u00e9en 2106\/679, la collecte et le traitement de vos renseignements personnels respectent les principes suivants&nbsp;:<\/p>\n\n\n\n<ul>\n<li>Lic\u00e9it\u00e9, loyaut\u00e9 et transparence&nbsp;: vos renseignements personnels ne peuvent \u00eatre collect\u00e9s et trait\u00e9s qu\u2019avec votre consentement. \u00c0 chaque fois que des renseignements personnels seront collect\u00e9s, il sera indiqu\u00e9 que vos renseignements personnels sont collect\u00e9s et pour quelles raisons vos renseignements personnels sont collect\u00e9s&nbsp;;<\/li>\n\n\n\n<li>Finalit\u00e9s limit\u00e9es&nbsp;: la collecte et le traitement des renseignements personnels sont ex\u00e9cut\u00e9s pour r\u00e9pondre \u00e0 un ou plusieurs objectifs d\u00e9termin\u00e9s dans la pr\u00e9sente politique de confidentialit\u00e9&nbsp;;<\/li>\n\n\n\n<li>Minimalisation de la collecte et du traitement des renseignements personnels&nbsp;: seuls les renseignements personnels n\u00e9cessaires \u00e0 la bonne ex\u00e9cution des objectifs poursuivis par le site sont collect\u00e9s&nbsp;;<\/li>\n\n\n\n<li>Conservation des renseignements personnels r\u00e9duite dans le temps&nbsp;: les renseignements personnels sont conserv\u00e9s pour une dur\u00e9e limit\u00e9e dont vous \u00eates inform\u00e9s&nbsp;;<\/li>\n\n\n\n<li>Int\u00e9grit\u00e9 et confidentialit\u00e9 des renseignements personnels collect\u00e9s et trait\u00e9s&nbsp;: le responsable du traitement des renseignements personnels s\u2019engage \u00e0 garantir l\u2019int\u00e9grit\u00e9 et la confidentialit\u00e9 des renseignements personnels collect\u00e9s.<\/li>\n<\/ul>\n\n\n\n<p>Afin d\u2019\u00eatre licites, et conform\u00e9ment aux exigences de l\u2019article 6 du R\u00e8glement europ\u00e9en 2016\/679, la collecte et le traitement des renseignements personnels ne pourront intervenir que s\u2019ils respectent au moins l\u2019une des conditions ci-apr\u00e8s \u00e9num\u00e9r\u00e9es&nbsp;:<\/p>\n\n\n\n<ul>\n<li>Vous avez express\u00e9ment consenti au traitement&nbsp;;<\/li>\n\n\n\n<li>Le traitement est n\u00e9cessaire \u00e0 l\u2019ex\u00e9cution d\u2019un contrat&nbsp;;<\/li>\n\n\n\n<li>Le traitement r\u00e9pond \u00e0 une obligation l\u00e9gale&nbsp;;<\/li>\n\n\n\n<li>Le traitement s\u2019explique par la n\u00e9cessit\u00e9 de sauvegarde des int\u00e9r\u00eats vitaux de la personne concern\u00e9e ou d\u2019une autre personne physique&nbsp;;<\/li>\n\n\n\n<li>Le traitement peut s\u2019expliquer par une n\u00e9cessit\u00e9 li\u00e9e \u00e0 l\u2019ex\u00e9cution d\u2019une mission d\u2019int\u00e9r\u00eat public ou qui rel\u00e8ve de l\u2019exercice de l\u2019autorit\u00e9 publique&nbsp;;<\/li>\n\n\n\n<li>Le traitement et la collecte des renseignements personnels sont n\u00e9cessaires aux des int\u00e9r\u00eats l\u00e9gitimes et priv\u00e9s poursuivis par le responsable du traitement des renseignements personnels ou par un tiers.<\/li>\n<\/ul>\n\n\n\n<h4 class=\"wp-block-heading\"><strong>12. D\u00c9L\u00c9GU\u00c9 \u00c0 LA PROTECTION DES DONN\u00c9ES EN VERTU DU R\u00c8GLEMENT EUROP\u00c9EN 2016\/679<\/strong><\/h4>\n\n\n\n<p>La personne suivante a \u00e9t\u00e9 nomm\u00e9e \u00e0 la fonction de D\u00e9l\u00e9gu\u00e9 \u00e0 la Protection des Donn\u00e9es&nbsp;: Olivier Boileau.<\/p>\n\n\n\n<p>Le r\u00f4le du D\u00e9l\u00e9gu\u00e9 \u00e0 la Protection des Donn\u00e9es est de s\u2019assurer la bonne mise en oeuvre des dispositions l\u00e9gislatives europ\u00e9ennes applicables relatives \u00e0 la collecte et au traitement des renseignements personnels. Il est parfois appel\u00e9 DPO (pour Data Protection Officer).<\/p>\n\n\n\n<p>Le D\u00e9l\u00e9gu\u00e9 \u00e0 la Protection des Donn\u00e9es peut \u00eatre joint de la mani\u00e8re suivante&nbsp;:<\/p>\n\n\n\n<p>\u2013 Par t\u00e9l\u00e9phone au +351 913 13 20 80<br>\u2013 Par Email: olivier@wildsuits.fr<\/p>\n\n\n\n<h4 class=\"wp-block-heading\"><strong>13. DROITS ADDITIONNELS EN VERTU DU R\u00c8GLEMENT EUROP\u00c9EN 2016\/679<\/strong><\/h4>\n\n\n\n<p>Conform\u00e9ment \u00e0 la r\u00e9glementation europ\u00e9enne concernant le traitement des renseignements personnels, vous poss\u00e9dez \u00e9galement les droits ci-apr\u00e8s \u00e9num\u00e9r\u00e9s.<\/p>\n\n\n\n<p>Afin que le responsable du traitement des renseignements fasse droit \u00e0 votre demande, vous \u00eates tenu(e) de lui communiquer&nbsp;: vos pr\u00e9nom et nom ainsi que votre adresse courriel, et si cela est pertinent, votre num\u00e9ro de compte ou d\u2019espace personnel ou d\u2019abonn\u00e9.<\/p>\n\n\n\n<p>Le responsable du traitement des renseignements personnels est tenu de vous r\u00e9pondre dans un d\u00e9lai de trente (30) jours maximum.<\/p>\n\n\n\n<p><strong>a) Droit \u00e0 la portabilit\u00e9 des renseignements personnels<\/strong><\/p>\n\n\n\n<p>Vous avez droit de demander la portabilit\u00e9 de vos renseignements personnels, d\u00e9tenus par le site, vers un autre site, en vous conformant \u00e0 la proc\u00e9dure ci-apr\u00e8s&nbsp;:<\/p>\n\n\n\n<p>L\u2019utilisateur doit faire une demande de portabilit\u00e9 de ses renseignements personnels aupr\u00e8s du responsable du traitement des renseignements, en envoyant un courriel \u00e0 l\u2019adresse pr\u00e9vue fournie sur cette page.<\/p>\n\n\n\n<p><strong>b) Droit de ne pas faire l\u2019objet d\u2019une d\u00e9cision fond\u00e9e exclusivement sur un proc\u00e9d\u00e9 automatis\u00e9<\/strong><\/p>\n\n\n\n<p>Conform\u00e9ment aux dispositions du r\u00e8glement europ\u00e9en 2016\/679, vous avez le droit de ne pas faire l\u2019objet d\u2019une d\u00e9cision fond\u00e9e exclusivement sur un proc\u00e9d\u00e9 automatis\u00e9 si la d\u00e9cision produit des effets juridiques vous concernant ou affecte de mani\u00e8re significative de fa\u00e7on similaire.<\/p>\n\n\n\n<p><strong>c) Droit de saisir l\u2019autorit\u00e9 comp\u00e9tente<\/strong><\/p>\n\n\n\n<p>Dans le cas o\u00f9 le responsable du traitement des renseignements personnels d\u00e9cide de ne pas r\u00e9pondre \u00e0 votre demande et que vous souhaitez contester cette d\u00e9cision ou, si vous pensez qu\u2019il est port\u00e9 atteinte \u00e0 l\u2019un de vos droit \u00e9num\u00e9r\u00e9s ci-dessus, vous \u00eates en droit de saisir toute cour comp\u00e9tente.<\/p>\n\n\n\n<h4 class=\"wp-block-heading\"><strong>14. RENSEIGNEMENTS PERSONNELS DES PERSONNES MINEURES EN VERTU DU R\u00c8GLEMENT 2016\/679<\/strong><\/h4>\n\n\n\n<p>Conform\u00e9ment aux dispositions de l\u2019article 8 du r\u00e8glement 2016\/679, seuls les mineurs \u00e2g\u00e9s de 15 ans ou plus peuvent consentir au traitement de leurs renseignements personnels.<\/p>\n\n\n\n<p>Si vous \u00eates un mineur de moins de 15 ans, l\u2019accord d\u2019un repr\u00e9sentant l\u00e9gal sera requis afin que des renseignements personnels puissent \u00eatre collect\u00e9s et trait\u00e9s.<\/p>\n\n\n\n<p>Nous nous r\u00e9servons le droit de v\u00e9rifier par tout moyen que vous \u00eates \u00e2g\u00e9(e) de plus de 15 ans, ou que vous avez obtenu l\u2019accord d\u2019un repr\u00e9sentant l\u00e9gal avant de naviguer sur le site.<\/p>\n\n\n\n<h4 class=\"wp-block-heading\"><strong>15. CONDITIONS DE MODIFICATION DE LA POLITIQUE DE CONFIDENTIALIT\u00c9<\/strong><\/h4>\n\n\n\n<p>La pr\u00e9sente politique de confidentialit\u00e9 peut \u00eatre consult\u00e9 \u00e0 tout moment \u00e0 l\u2019adresse ci-apr\u00e8s indiqu\u00e9e&nbsp;:<\/p>\n\n\n\n<p><strong><a href=\"https:\/\/wildsuits.eu\/pt\/politique-de-confidentialite\/\">https:\/\/www.wildsuits.eu\/politique-de-confidentialite\/<\/a><\/strong><\/p>\n\n\n\n<p>Nous nous r\u00e9servons le droit de la modifier afin de garantir sa conformit\u00e9 avec le droit en vigueur.<\/p>\n\n\n\n<p>Par cons\u00e9quent, vous \u00eates invit\u00e9(e) \u00e0 venir consulter r\u00e9guli\u00e8rement cette politique de confidentialit\u00e9 afin de vous tenir inform\u00e9(e) des derniers changements qui lui seront apport\u00e9s.<\/p>\n\n\n\n<p>Toutefois, en cas de modification substantielle de cette politique, vous en serez inform\u00e9(e) de la mani\u00e8re suivante&nbsp;:<\/p>\n\n\n\n<p>Par courriel \u00e0 l\u2019adresse communiqu\u00e9e par l\u2019utilisateur.<\/p>\n\n\n\n<h4 class=\"wp-block-heading\"><strong>16. ACCEPTATION DE LA POLITIQUE DE CONFIDENTIALIT\u00c9<\/strong><\/h4>\n\n\n\n<p>En navigant sur let site, vous attestez avoir lu et compris la pr\u00e9sente politique de confidentialit\u00e9 et en acceptez les conditions, en ce qui concerne plus particuli\u00e8rement la collecte et le traitement de vos renseignements personnels, ainsi que de l\u2019utilisation de fichiers t\u00e9moins.<\/p>\n\n\n\n<h4 class=\"wp-block-heading\"><strong>17. L\u00c9GISLATION<\/strong><\/h4>\n\n\n\n<p>Nous nous engageons \u00e0 respecter les dispositions l\u00e9gislatives \u00e9nonc\u00e9es dans&nbsp;:<\/p>\n\n\n\n<p>Loi sur la protection des renseignements personnels dans le secteur priv\u00e9, RLRQ c P-39.1&nbsp;; et\/ou<\/p>\n\n\n\n<p><em>Loi sur les protection des renseignements personnels et les documents \u00e9lectroniques<\/em>, LC 2000, c 5.&nbsp;; et<\/p>\n\n\n\n<p><em>R\u00e8glement g\u00e9n\u00e9ral sur la protection des donn\u00e9es<\/em>, R\u00e8glement (UE) 2016\/679 du Parlement europ\u00e9en et du Conseil du 27 avril 2016 relatif \u00e0 la protection des personnes physiques \u00e0 l\u2019\u00e9gard du traitement des donn\u00e9es \u00e0 caract\u00e8re personnel et \u00e0 la libre circulation de ces donn\u00e9es, et abrogeant la directive 95\/46\u00c9CE (r\u00e8glement g\u00e9n\u00e9ral sur la protection des donn\u00e9es) 2016\/279.<\/p>","protected":false},"excerpt":{"rendered":"<p>Cette politique s\u2019applique au site&nbsp;: www.wildsuits.eu Date de derni\u00e8re mise \u00e0 jour&nbsp;: 30 octobre 2020 Le respect de votre vie priv\u00e9e est de la plus haute importance pour WILDSUITS SAS, qui est responsable de ce site. La pr\u00e9sente politique de confidentialit\u00e9 a pour but de vous exposer: Cette politique de confidentialit\u00e9 compl\u00e8te les Conditions g\u00e9n\u00e9rales [&hellip;]<\/p>","protected":false},"author":1,"featured_media":0,"parent":0,"menu_order":0,"comment_status":"closed","ping_status":"closed","template":"","meta":{"footnotes":""},"_links":{"self":[{"href":"https:\/\/wildsuits.eu\/pt\/wp-json\/wp\/v2\/pages\/38127"}],"collection":[{"href":"https:\/\/wildsuits.eu\/pt\/wp-json\/wp\/v2\/pages"}],"about":[{"href":"https:\/\/wildsuits.eu\/pt\/wp-json\/wp\/v2\/types\/page"}],"author":[{"embeddable":true,"href":"https:\/\/wildsuits.eu\/pt\/wp-json\/wp\/v2\/users\/1"}],"replies":[{"embeddable":true,"href":"https:\/\/wildsuits.eu\/pt\/wp-json\/wp\/v2\/comments?post=38127"}],"version-history":[{"count":1,"href":"https:\/\/wildsuits.eu\/pt\/wp-json\/wp\/v2\/pages\/38127\/revisions"}],"predecessor-version":[{"id":38129,"href":"https:\/\/wildsuits.eu\/pt\/wp-json\/wp\/v2\/pages\/38127\/revisions\/38129"}],"wp:attachment":[{"href":"https:\/\/wildsuits.eu\/pt\/wp-json\/wp\/v2\/media?parent=38127"}],"curies":[{"name":"wp","href":"https:\/\/api.w.org\/{rel}","templated":true}]}}