{"id":37538,"date":"2022-11-07T18:06:05","date_gmt":"2022-11-07T17:06:05","guid":{"rendered":"https:\/\/wildsuits.eu\/?post_type=wildsuits-family&#038;p=37538"},"modified":"2023-04-13T17:41:17","modified_gmt":"2023-04-13T15:41:17","slug":"pedro-bettencourt","status":"publish","type":"wildsuits-family","link":"https:\/\/wildsuits.eu\/es\/wildsuits-team\/pedro-bettencourt\/","title":{"rendered":"Pedro Bettencourt"},"content":{"rendered":"<div class=\"wp-block-image\">\n<figure class=\"aligncenter\"><img decoding=\"async\" src=\"https:\/\/www.wildsuits.eu\/wp-content\/uploads\/2022\/02\/pedro-bettencourt-wildsuits.jpg\" alt=\"Pedro Bettencourt surfeur, bodyboard et membre de l'\u00e9quipe Wildsuits lors d'un couch\u00e9 de soleil \u00e0 Sagres au Portugal\"\/><\/figure><\/div>\n\n\n<h3 class=\"wp-block-heading\"><strong>Salut Pedro, pr\u00e9sente-toi en quelques mots \u00e0 nos lecteurs.<\/strong><\/h3>\n\n\n\n<p>Salut les gars, je suis Pedro Bettencourt, 31 ans, bodyboarder et amoureux de l&#8217;oc\u00e9an ! Je suis originaire du nord du Portugal, de Porto. Mais j\u2019ai v\u00e9cu un bon bout de temps \u00e0 Le\u00e7a da Palmeira pour partir dans le sud du Portugal il y a environ 8 ans !<\/p>\n\n\n\n<h3 class=\"wp-block-heading\"><strong>Quand as-tu commenc\u00e9 le bodyboard ?<\/strong><\/h3>\n\n\n\n<p>J\u2019ai commenc\u00e9 le body quand j\u2019avais 10 ans. Je vivais \u00e0 Le\u00e7a da Palmeira, assez pr\u00e8s de la plage, et j&#8217;y ai rencontr\u00e9 de bons amis qui faisaient d\u00e9j\u00e0 du bodyboard.<\/p>\n\n\n\n<p>\u200b\u200bC&#8217;\u00e9tait un nouveau sport pour moi alors j&#8217;en ai parl\u00e9 avec mon p\u00e8re, qui a toujours aim\u00e9 que je fasse du sport, et nous avons r\u00e9ussi \u00e0 obtenir ce dont j&#8217;avais besoin !<\/p>\n\n\n\n<p>Au d\u00e9but, j&#8217;ai fait beaucoup de bodyboard avec mes amis, Antonio Cruz, Antonio Queiros, les fr\u00e8res Coutinho, et bien d&#8217;autres.<\/p>\n\n\n\n<p>Les l\u00e9gendes du bodyboard, Manuel Centeno, Rui Ferreira, Nuno Azevedo, ont \u00e9galement \u00e9t\u00e9 des r\u00e9f\u00e9rences importantes qui m&#8217;ont aid\u00e9 \u00e0 devenir un meilleur bodyboarder.<\/p>\n\n\n\n<h3 class=\"wp-block-heading\"><strong>Tes amis sont connus pour \u00eatre de bons comp\u00e9titeurs, qu\u2019en est-il de toi ?<\/strong><\/h3>\n\n\n\n<p>J&#8217;ai commenc\u00e9 la comp\u00e9tition en 2005 dans les moins de 16 ans d&#8217;Esperan\u00e7as Nacional. J&#8217;aime toujours bouger avec les gars pour rencontrer d&#8217;autres amis tout autour du Portugal, profiter de sessions de bodyboard incroyables, pleines d&#8217;engagement et de plaisir !<\/p>\n\n\n\n<p>Avec le temps et l&#8217;\u00e2ge, d&#8217;autres responsabilit\u00e9s sont venues s&#8217;ajouter et j&#8217;ai commenc\u00e9 \u00e0 avoir moins de temps pour les comp\u00e9titions nationales&#8230; C&#8217;est toujours un grand moment lorsque vous voyez des amis qui ne sont pas avec vous tous les jours. Nous avons toujours appr\u00e9ci\u00e9 de passer du bon temps et de nous mesurer les uns aux autres.<\/p>\n\n\n\n<p>Certains le prennent plus au s\u00e9rieux que d&#8217;autres, mais pour moi, le mieux c&#8217;est d&#8217;\u00eatre avec tout le monde et de profiter du moment.&nbsp;<\/p>\n\n\n\n<p>Quand c&#8217;est mon tour de participer \u00e0 la comp\u00e9tition, j&#8217;essaie de faire de mon mieux en m&#8217;amusant. Au Portugal, nous sommes une grande communaut\u00e9 de bodyboarders, nous devons rester ensemble et faire de notre mieux pour ce sport !<\/p>\n\n\n\n<h3 class=\"wp-block-heading\"><strong>Tu as fini sur une solide 3\u00e8me place lors de la derni\u00e8re comp\u00e9tition de bodyboard national open ? Comment l\u2019as-tu ressenti ?<\/strong><\/h3>\n\n\n\n<p>Je me sentais extr\u00eamement bien\u2026<\/p>\n\n\n\n<p>J&#8217;ai vu que les conditions allaient \u00eatre massives \u00e0 <a href=\"https:\/\/www.ridescope.com\/spots\/supertubos\" data-type=\"URL\" data-id=\"https:\/\/www.ridescope.com\/spots\/supertubos\" target=\"_blank\" rel=\"noopener\">Supertubos<\/a> et j&#8217;ai vraiment pens\u00e9 que ce serait fun d&#8217;y aller et de retrouver tout le monde lors d&#8217;une comp\u00e9tition.<\/p>\n\n\n\n<p>Je suis donc all\u00e9 \u00e0 ce contest sans le dire \u00e0 grand monde. Seuls mes amis de Porto le savaient ! Je suppose que c&#8217;\u00e9tait une surprise pour beaucoup d&#8217;autres amis de me voir dans l\u2019eau avec le lycra. C\u2019\u00e9tait cool de tous les revoir !<\/p>\n\n\n\n<p>Je n&#8217;ai pas fait de comp\u00e8te depuis longtemps. Je pense que la derni\u00e8re que j&#8217;ai faite, c\u2019\u00e9tait l\u2019\u00e9dition sp\u00e9ciale en 2014. Mais tout s&#8217;est bien pass\u00e9 pour moi lors de cette comp\u00e9tition et cela m&#8217;a fait du bien ! La chance a aussi jou\u00e9 un r\u00f4le, mais comme dit mon p\u00e8re : &#8220;on cr\u00e9e sa chance&#8221;, je suppose que cette phrase \u00e9tait dans un coin de ma t\u00eate pendant mes heats ! Je n&#8217;ai jamais pass\u00e9 la deuxi\u00e8me journ\u00e9e des comp\u00e9titions, je n&#8217;ai jamais fait de quart de finale d&#8217;Open national de ma vie et finir 3\u00e8me \u00e9tait quelque chose de vraiment sp\u00e9cial et exceptionnel pour moi !&nbsp;<\/p>\n\n\n\n<h3 class=\"wp-block-heading\"><strong>Encore une fois, f\u00e9licitations pour ton r\u00e9sultat, et maintenant, quelle est la prochaine \u00e9tape ?&nbsp;<\/strong><\/h3>\n\n\n\n<p>Apr\u00e8s la comp\u00e9tition, j&#8217;ai pass\u00e9 un peu de temps \u00e0 surfer \u00e0 Ericeira, j&#8217;ai eu la chance d&#8217;avoir quelques vagues \u00e9piques et de me d\u00e9tendre un peu avec l&#8217;\u00e9quipe Wildsuits. Ensuite je suis retourn\u00e9 dans le sud pour travailler et \u00e9videmment j&#8217;ai eu de belles vagues l\u00e0 aussi.<\/p>\n\n\n\n<p>On verra l&#8217;ann\u00e9e prochaine si je peux faire d&#8217;autres comp\u00e9titions, c&#8217;est quelque chose que j&#8217;aimerais refaire et profiter du temps avec mes amis en faisant ce que j&#8217;aime le plus !&nbsp;<\/p>\n\n\n\n<h3 class=\"wp-block-heading\"><strong>Tu fais parti de la #Wildsuitsfamily depuis quelques mois maintenant, comment \u00e7a se passe avec nous ?<\/strong><\/h3>\n\n\n\n<p>\u00c7a se passe vraiment super bien ! Je suis super heureux de faire parti de cette famille. Je connaissais d\u00e9j\u00e0 quelques gars de <a href=\"https:\/\/wildsuits.eu\/wildsuits-team\/\" data-type=\"URL\" data-id=\"https:\/\/wildsuits.eu\/wildsuits-team\/\">la team<\/a> donc je me suis facilement int\u00e9gr\u00e9. Ils m&#8217;ont tr\u00e8s bien trait\u00e9 et m&#8217;ont fait sentir que j&#8217;\u00e9tais le bienvenu dans l&#8217;\u00e9quipe !\u00a0<\/p>\n\n\n\n<p>J&#8217;ai beaucoup appr\u00e9ci\u00e9 les combinaisons. Je n&#8217;avais jamais essay\u00e9 une combinaison \u00e9co responsable et je ne savais pas qu&#8217;elles pouvaient \u00eatre aussi confortables, flexibles et chaudes. Tout le monde fait un excellent travail, continuez comme \u00e7a les gars, restez wild ! Merci \u00e0 toute la team ! \u270c\ud83c\udffc<\/p>\n","protected":false},"template":"","_links":{"self":[{"href":"https:\/\/wildsuits.eu\/es\/wp-json\/wp\/v2\/wildsuits-family\/37538"}],"collection":[{"href":"https:\/\/wildsuits.eu\/es\/wp-json\/wp\/v2\/wildsuits-family"}],"about":[{"href":"https:\/\/wildsuits.eu\/es\/wp-json\/wp\/v2\/types\/wildsuits-family"}],"wp:attachment":[{"href":"https:\/\/wildsuits.eu\/es\/wp-json\/wp\/v2\/media?parent=37538"}],"curies":[{"name":"wp","href":"https:\/\/api.w.org\/{rel}","templated":true}]}}